{"id":118544,"date":"2026-01-23T12:35:53","date_gmt":"2026-01-23T16:35:53","guid":{"rendered":"https:\/\/tomaempleo.com\/dominicana\/trabajos\/chofer-cat-03\/"},"modified":"2026-01-23T12:35:53","modified_gmt":"2026-01-23T16:35:53","slug":"chofer-cat-03","status":"publish","type":"trabajos","link":"https:\/\/tomaempleo.com\/dominicana\/trabajos\/chofer-cat-03\/","title":{"rendered":"Chofer cat.03"},"content":{"rendered":"<p>Estamos en la b\u00fasqueda de un Chofer de Distribuci\u00f3n responsable de realizar la entrega oportuna de los productos a nuestros clientes seg\u00fan las \u00f3rdenes asignadas. La posici\u00f3n requiere colaborar en las labores de carga y descarga, as\u00ed como garantizar el cuidado de la mercanc\u00eda y el veh\u00edculo.<\/p>\n<p>Responsabilidades:<br \/>\nDistribuir los productos seg\u00fan los pedidos programados.<br \/>\nRealizar la carga y descarga del cami\u00f3n en los puntos asignados.<br \/>\nVerificar la mercanc\u00eda antes de la salida y al momento de entrega.<br \/>\nMantener una conducci\u00f3n prudente y respetuosa de las normas de tr\u00e1nsito.<br \/>\nGestionar el veh\u00edculo asignado (higiene, documentaci\u00f3n y revisiones).<br \/>\nBrindar un trato amable y orientado al servicio al cliente.<br \/>\nColaborar con el equipo de almac\u00e9n y operaciones.<\/p>\n<p>Requisitos:<br \/>\nBachiller aprobado.<br \/>\nLicencia de conducir categor\u00eda 3 vigente.<br \/>\nManejo de veh\u00edculo mec\u00e1nico.<br \/>\nActitud de servicio y buena comunicaci\u00f3n.<br \/>\nConducci\u00f3n responsable y segura.<br \/>\nCapacidad para trabajar en equipo.<br \/>\nDisponibilidad para carga f\u00edsica (moderada).<\/p>\n<p>Ofrecemos:<br \/>\nAmbiente de trabajo colaborativo.<br \/>\nEstabilidad laboral.<br \/>\nBeneficios de ley.<\/p>\n<p>Horario laboral<br \/>\nLunes a viernes 8:00 am a 5:00 pm<br \/>\nSabados 8:00 am a 12:00 pm<br \/>\nPuede requerir horas extras seg\u00fan condiciones del trafico<\/p>\n","protected":false},"author":18880,"template":"","class_list":["post-118544","trabajos","type-trabajos","status-publish","hentry"],"yoast_head":"<!-- This site is optimized with the Yoast SEO plugin v26.3 - https:\/\/yoast.com\/wordpress\/plugins\/seo\/ -->\n<title>Chofer cat.03 | tomaempleo.com<\/title>\n<meta name=\"robots\" content=\"index, follow, max-snippet:-1, max-image-preview:large, max-video-preview:-1\" \/>\n<link rel=\"canonical\" href=\"https:\/\/tomaempleo.com\/dominicana\/trabajos\/chofer-cat-03\/\" \/>\n<meta property=\"og:locale\" content=\"es_ES\" \/>\n<meta property=\"og:type\" content=\"article\" \/>\n<meta property=\"og:title\" content=\"Chofer cat.03 | tomaempleo.com\" \/>\n<meta property=\"og:description\" content=\"Estamos en la b\u00fasqueda de un Chofer de Distribuci\u00f3n responsable de realizar la entrega oportuna de los productos a nuestros clientes seg\u00fan las \u00f3rdenes asignadas. La posici\u00f3n requiere colaborar en las labores de carga y descarga, as\u00ed como garantizar el cuidado de la mercanc\u00eda y el veh\u00edculo. Responsabilidades: Distribuir los productos seg\u00fan los pedidos programados. [&hellip;]\" \/>\n<meta property=\"og:url\" content=\"https:\/\/tomaempleo.com\/dominicana\/trabajos\/chofer-cat-03\/\" \/>\n<meta property=\"og:site_name\" content=\"tomaempleo.com\" \/>\n<meta property=\"article:publisher\" content=\"https:\/\/www.facebook.com\/tomaempleos\" \/>\n<meta name=\"twitter:card\" content=\"summary_large_image\" \/>\n<meta name=\"twitter:site\" content=\"@tomaempleos\" \/>\n<meta name=\"twitter:label1\" content=\"Tiempo de lectura\" \/>\n\t<meta name=\"twitter:data1\" content=\"1 minuto\" \/>\n<script type=\"application\/ld+json\" class=\"yoast-schema-graph\">{\"@context\":\"https:\/\/schema.org\",\"@graph\":[{\"@type\":\"WebPage\",\"@id\":\"https:\/\/tomaempleo.com\/dominicana\/trabajos\/chofer-cat-03\/\",\"url\":\"https:\/\/tomaempleo.com\/dominicana\/trabajos\/chofer-cat-03\/\",\"name\":\"Chofer cat.03 | tomaempleo.com\",\"isPartOf\":{\"@id\":\"https:\/\/tomaempleo.com\/dominicana\/#website\"},\"datePublished\":\"2026-01-23T16:35:53+00:00\",\"breadcrumb\":{\"@id\":\"https:\/\/tomaempleo.com\/dominicana\/trabajos\/chofer-cat-03\/#breadcrumb\"},\"inLanguage\":\"es\",\"potentialAction\":[{\"@type\":\"ReadAction\",\"target\":[\"https:\/\/tomaempleo.com\/dominicana\/trabajos\/chofer-cat-03\/\"]}]},{\"@type\":\"BreadcrumbList\",\"@id\":\"https:\/\/tomaempleo.com\/dominicana\/trabajos\/chofer-cat-03\/#breadcrumb\",\"itemListElement\":[{\"@type\":\"ListItem\",\"position\":1,\"name\":\"Portada\",\"item\":\"https:\/\/tomaempleo.com\/dominicana\/\"},{\"@type\":\"ListItem\",\"position\":2,\"name\":\"Chofer cat.03\"}]},{\"@type\":\"WebSite\",\"@id\":\"https:\/\/tomaempleo.com\/dominicana\/#website\",\"url\":\"https:\/\/tomaempleo.com\/dominicana\/\",\"name\":\"tomaempleo.com\",\"description\":\"\u00bfBuscas trabajo? Empleos de RD aqu\u00ed\",\"publisher\":{\"@id\":\"https:\/\/tomaempleo.com\/dominicana\/#organization\"},\"alternateName\":\"tomaempleo\",\"potentialAction\":[{\"@type\":\"SearchAction\",\"target\":{\"@type\":\"EntryPoint\",\"urlTemplate\":\"https:\/\/tomaempleo.com\/dominicana\/?s={search_term_string}\"},\"query-input\":{\"@type\":\"PropertyValueSpecification\",\"valueRequired\":true,\"valueName\":\"search_term_string\"}}],\"inLanguage\":\"es\"},{\"@type\":\"Organization\",\"@id\":\"https:\/\/tomaempleo.com\/dominicana\/#organization\",\"name\":\"tomaempleo.com\",\"url\":\"https:\/\/tomaempleo.com\/dominicana\/\",\"logo\":{\"@type\":\"ImageObject\",\"inLanguage\":\"es\",\"@id\":\"https:\/\/tomaempleo.com\/dominicana\/#\/schema\/logo\/image\/\",\"url\":\"https:\/\/tomaempleo.com\/dominicana\/wp-content\/terd-mediafiles\/logo-tomaempleo.jpg\",\"contentUrl\":\"https:\/\/tomaempleo.com\/dominicana\/wp-content\/terd-mediafiles\/logo-tomaempleo.jpg\",\"width\":600,\"height\":600,\"caption\":\"tomaempleo.com\"},\"image\":{\"@id\":\"https:\/\/tomaempleo.com\/dominicana\/#\/schema\/logo\/image\/\"},\"sameAs\":[\"https:\/\/www.facebook.com\/tomaempleos\",\"https:\/\/x.com\/tomaempleos\",\"https:\/\/www.youtube.com\/@tomaempleo\",\"https:\/\/www.instagram.com\/tomaempleo\/\"]}]}<\/script>\n<!-- \/ Yoast SEO plugin. -->","yoast_head_json":{"title":"Chofer cat.03 | tomaempleo.com","robots":{"index":"index","follow":"follow","max-snippet":"max-snippet:-1","max-image-preview":"max-image-preview:large","max-video-preview":"max-video-preview:-1"},"canonical":"https:\/\/tomaempleo.com\/dominicana\/trabajos\/chofer-cat-03\/","og_locale":"es_ES","og_type":"article","og_title":"Chofer cat.03 | tomaempleo.com","og_description":"Estamos en la b\u00fasqueda de un Chofer de Distribuci\u00f3n responsable de realizar la entrega oportuna de los productos a nuestros clientes seg\u00fan las \u00f3rdenes asignadas. La posici\u00f3n requiere colaborar en las labores de carga y descarga, as\u00ed como garantizar el cuidado de la mercanc\u00eda y el veh\u00edculo. Responsabilidades: Distribuir los productos seg\u00fan los pedidos programados. [&hellip;]","og_url":"https:\/\/tomaempleo.com\/dominicana\/trabajos\/chofer-cat-03\/","og_site_name":"tomaempleo.com","article_publisher":"https:\/\/www.facebook.com\/tomaempleos","twitter_card":"summary_large_image","twitter_site":"@tomaempleos","twitter_misc":{"Tiempo de lectura":"1 minuto"},"schema":{"@context":"https:\/\/schema.org","@graph":[{"@type":"WebPage","@id":"https:\/\/tomaempleo.com\/dominicana\/trabajos\/chofer-cat-03\/","url":"https:\/\/tomaempleo.com\/dominicana\/trabajos\/chofer-cat-03\/","name":"Chofer cat.03 | tomaempleo.com","isPartOf":{"@id":"https:\/\/tomaempleo.com\/dominicana\/#website"},"datePublished":"2026-01-23T16:35:53+00:00","breadcrumb":{"@id":"https:\/\/tomaempleo.com\/dominicana\/trabajos\/chofer-cat-03\/#breadcrumb"},"inLanguage":"es","potentialAction":[{"@type":"ReadAction","target":["https:\/\/tomaempleo.com\/dominicana\/trabajos\/chofer-cat-03\/"]}]},{"@type":"BreadcrumbList","@id":"https:\/\/tomaempleo.com\/dominicana\/trabajos\/chofer-cat-03\/#breadcrumb","itemListElement":[{"@type":"ListItem","position":1,"name":"Portada","item":"https:\/\/tomaempleo.com\/dominicana\/"},{"@type":"ListItem","position":2,"name":"Chofer cat.03"}]},{"@type":"WebSite","@id":"https:\/\/tomaempleo.com\/dominicana\/#website","url":"https:\/\/tomaempleo.com\/dominicana\/","name":"tomaempleo.com","description":"\u00bfBuscas trabajo? Empleos de RD aqu\u00ed","publisher":{"@id":"https:\/\/tomaempleo.com\/dominicana\/#organization"},"alternateName":"tomaempleo","potentialAction":[{"@type":"SearchAction","target":{"@type":"EntryPoint","urlTemplate":"https:\/\/tomaempleo.com\/dominicana\/?s={search_term_string}"},"query-input":{"@type":"PropertyValueSpecification","valueRequired":true,"valueName":"search_term_string"}}],"inLanguage":"es"},{"@type":"Organization","@id":"https:\/\/tomaempleo.com\/dominicana\/#organization","name":"tomaempleo.com","url":"https:\/\/tomaempleo.com\/dominicana\/","logo":{"@type":"ImageObject","inLanguage":"es","@id":"https:\/\/tomaempleo.com\/dominicana\/#\/schema\/logo\/image\/","url":"https:\/\/tomaempleo.com\/dominicana\/wp-content\/terd-mediafiles\/logo-tomaempleo.jpg","contentUrl":"https:\/\/tomaempleo.com\/dominicana\/wp-content\/terd-mediafiles\/logo-tomaempleo.jpg","width":600,"height":600,"caption":"tomaempleo.com"},"image":{"@id":"https:\/\/tomaempleo.com\/dominicana\/#\/schema\/logo\/image\/"},"sameAs":["https:\/\/www.facebook.com\/tomaempleos","https:\/\/x.com\/tomaempleos","https:\/\/www.youtube.com\/@tomaempleo","https:\/\/www.instagram.com\/tomaempleo\/"]}]}},"_links":{"self":[{"href":"https:\/\/tomaempleo.com\/dominicana\/wp-json\/wp\/v2\/trabajos\/118544","targetHints":{"allow":["GET"]}}],"collection":[{"href":"https:\/\/tomaempleo.com\/dominicana\/wp-json\/wp\/v2\/trabajos"}],"about":[{"href":"https:\/\/tomaempleo.com\/dominicana\/wp-json\/wp\/v2\/types\/trabajos"}],"author":[{"embeddable":true,"href":"https:\/\/tomaempleo.com\/dominicana\/wp-json\/wp\/v2\/users\/18880"}],"version-history":[{"count":0,"href":"https:\/\/tomaempleo.com\/dominicana\/wp-json\/wp\/v2\/trabajos\/118544\/revisions"}],"wp:attachment":[{"href":"https:\/\/tomaempleo.com\/dominicana\/wp-json\/wp\/v2\/media?parent=118544"}],"curies":[{"name":"wp","href":"https:\/\/api.w.org\/{rel}","templated":true}]}}